{"id":30503,"date":"2022-04-12T18:49:57","date_gmt":"2022-04-12T16:49:57","guid":{"rendered":"https:\/\/www.cerdanya.org\/san-sebastia-de-viliella\/"},"modified":"2022-04-28T22:55:41","modified_gmt":"2022-04-28T20:55:41","slug":"san-sebastia-de-viliella","status":"publish","type":"page","link":"https:\/\/test393.ergatesweb7.ovh\/fr\/que-faire\/tourisme-culturel\/patrimoine-culturel\/lles-de-cerdanya\/san-sebastia-de-viliella\/","title":{"rendered":"San Sebasti\u00e1 de Viliella"},"content":{"rendered":"\n<style type=\"text\/css\" data-created_by=\"avia_inline_auto\" id=\"style-css-av-36rb4oj-ba4d95154227ed0d8a771e7152bf9e9e\">\n.flex_column.av-36rb4oj-ba4d95154227ed0d8a771e7152bf9e9e{\nborder-radius:0px 0px 0px 0px;\npadding:0px 0px 0px 0px;\n}\n<\/style>\n<div  class='flex_column av-36rb4oj-ba4d95154227ed0d8a771e7152bf9e9e av_one_half  avia-builder-el-0  el_before_av_one_half  avia-builder-el-first  first flex_column_div av-zero-column-padding  '     ><p>\n<style type=\"text\/css\" data-created_by=\"avia_inline_auto\" id=\"style-css-av-nszm86-5c8b015b6bb367b89766dff034ccd876\">\n#top .av-special-heading.av-nszm86-5c8b015b6bb367b89766dff034ccd876{\npadding-bottom:10px;\n}\nbody .av-special-heading.av-nszm86-5c8b015b6bb367b89766dff034ccd876 .av-special-heading-tag .heading-char{\nfont-size:25px;\n}\n.av-special-heading.av-nszm86-5c8b015b6bb367b89766dff034ccd876 .av-subheading{\nfont-size:15px;\n}\n<\/style>\n<div  class='av-special-heading av-nszm86-5c8b015b6bb367b89766dff034ccd876 av-special-heading-h5  avia-builder-el-1  el_before_av_textblock  avia-builder-el-first '><h5 class='av-special-heading-tag '  itemprop=\"headline\"  >Description<\/h5><div class=\"special-heading-border\"><div class=\"special-heading-inner-border\"><\/div><\/div><\/div><br \/>\n<section  class='av_textblock_section av-ksyomoyl-25f1f3c8b1a0a9b03a6473be4799410f '   itemscope=\"itemscope\" itemtype=\"https:\/\/schema.org\/CreativeWork\" ><div class='avia_textblock'  itemprop=\"text\" ><p>La paroisse \u00e9tait d\u00e9di\u00e9e \u00e0 Sant Vicen\u00e7 jusqu&rsquo;au XVe si\u00e8cle, date \u00e0 laquelle elle fut remplac\u00e9e par Sant Sebasti\u00e0, le protecteur de la peste. L&rsquo;\u00e9glise actuelle est un \u00e9difice qui peut \u00eatre situ\u00e9 entre les XVIIe et XVIIIe si\u00e8cles. Ce qui ressort de la construction de la nef, gr\u00e2ce \u00e0 l&rsquo;analyse des fa\u00e7ades sud et nord, c&rsquo;est qu&rsquo;elle comporte deux moments constructifs. Dans la premi\u00e8re la nef aurait un plan plus quadrangulaire et \u00e9ventuellement une abside diff\u00e9renci\u00e9e, dans une seconde phase la nef est allong\u00e9e et de plan rectangulaire. Sur la fa\u00e7ade ouest on peut identifier l&rsquo;existence d&rsquo;une tour devant laquelle le clocher est accol\u00e9 au nord et l&rsquo;\u00e9glise actuelle au sud, ici la porte principale avec linteau s&rsquo;ouvre et est post\u00e9rieure \u00e0 celle de la fa\u00e7ade sud avec voussoirs travaill\u00e9s, modifi\u00e9\u00e9e et aujourd&rsquo;hui partiellement mur\u00e9e.<\/p>\n<p>L&rsquo;int\u00e9rieur est couvert d&rsquo;une vo\u00fbte \u00e0 quatre pointes reposant sur des arcs semi-circulaires. Entre les arcs et le mur de l&rsquo;\u00e9glise, des espaces couverts sont cr\u00e9\u00e9s avec une vo\u00fbte h\u00e9misph\u00e9rique faisant face \u00e0 l&rsquo;ouest au ch\u0153ur de bois et \u00e0 l&rsquo;est \u00e0 l&rsquo;autel et deux habitacles de part et d&rsquo;autre.<\/p>\n<p>Des peintures murales baroques sont conserv\u00e9es dans la zone de l&rsquo;autel et les t\u00eates des poutres du ch\u0153ur sont sculpt\u00e9es.<\/p>\n<p>Encastr\u00e9s dans le mur sud, les fonts baptismaux romans sont conserv\u00e9s, une pi\u00e8ce extraordinaire faite d&rsquo;un seul bloc de granit, sculpt\u00e9e de reliefs tr\u00e8s primitifs parmi lesquels on peut identifier une figure humaine. Malheureusement, une seule partie est visible. La r\u00e9gion ne compte que deux autres bassins sculpt\u00e9s : Sant Mart\u00ed d&rsquo;Ur et Santa Maria de Palau de Cerdanya.<\/p>\n<\/div><\/section><\/p><\/div>\n<style type=\"text\/css\" data-created_by=\"avia_inline_auto\" id=\"style-css-av-2coqnf7-fe66bdd07c1c8428c9bfcd41c861e712\">\n.flex_column.av-2coqnf7-fe66bdd07c1c8428c9bfcd41c861e712{\nborder-radius:0px 0px 0px 0px;\npadding:0px 0px 0px 0px;\n}\n<\/style>\n<div  class='flex_column av-2coqnf7-fe66bdd07c1c8428c9bfcd41c861e712 av_one_half  avia-builder-el-3  el_after_av_one_half  avia-builder-el-last  flex_column_div av-zero-column-padding  '     ><style type=\"text\/css\" data-created_by=\"avia_inline_auto\" id=\"style-css-av-29ooh4j-2bef6ed58c6126f247e65904a9245594\">\n#top .avia-gallery.av-29ooh4j-2bef6ed58c6126f247e65904a9245594 .avia-gallery-thumb a{\nwidth:20%;\n}\n<\/style>\n<div  class='avia-gallery av-29ooh4j-2bef6ed58c6126f247e65904a9245594 avia_animate_when_visible  avia-builder-el-4  avia-builder-el-no-sibling  avia_lazyload av-slideshow-ui av-loop-manual-endless av-control-hidden av-navigate-arrows av-navigate-dots hover-effect av-control-hidden avia-gallery-animate avia-gallery-1'  itemprop=\"image\" itemscope=\"itemscope\" itemtype=\"https:\/\/schema.org\/ImageObject\" ><meta itemprop=\"contentURL\" content=\"https:\/\/test393.ergatesweb7.ovh\/fr\/que-faire\/tourisme-culturel\/patrimoine-culturel\/lles-de-cerdanya\/san-sebastia-de-viliella\/\"><div class='avia-gallery-big-wrapper'><a class='avia-gallery-big fakeLightbox lightbox avia-gallery-big-crop-thumb ' href=\"https:\/\/test393.ergatesweb7.ovh\/wp-content\/uploads\/2021\/12\/sant-sebastia-viliella-1030x687.jpg\" data-srcset=\"https:\/\/test393.ergatesweb7.ovh\/wp-content\/uploads\/2021\/12\/sant-sebastia-viliella-1030x687.jpg 1030w, https:\/\/test393.ergatesweb7.ovh\/wp-content\/uploads\/2021\/12\/sant-sebastia-viliella-300x200.jpg 300w, https:\/\/test393.ergatesweb7.ovh\/wp-content\/uploads\/2021\/12\/sant-sebastia-viliella-768x513.jpg 768w, https:\/\/test393.ergatesweb7.ovh\/wp-content\/uploads\/2021\/12\/sant-sebastia-viliella-705x470.jpg 705w, https:\/\/test393.ergatesweb7.ovh\/wp-content\/uploads\/2021\/12\/sant-sebastia-viliella.jpg 1500w\" data-sizes=\"(max-width: 1030px) 100vw, 1030px\"  data-onclick='1' title='Sant Sebasti\u00e0 de Viliella' ><span class='avia-gallery-big-inner'  itemprop=\"thumbnailUrl\" ><img decoding=\"async\" fetchpriority=\"high\" class=\"wp-image-24379 avia-img-lazy-loading-not-24379\"  width=\"495\" height=\"400\" src=\"https:\/\/test393.ergatesweb7.ovh\/wp-content\/uploads\/2021\/12\/sant-sebastia-viliella-495x400.jpg\" title='19. LLES- Sant Sebastia\u0300 de Viliella' alt='' srcset=\"https:\/\/test393.ergatesweb7.ovh\/wp-content\/uploads\/2021\/12\/sant-sebastia-viliella-495x400.jpg 495w, https:\/\/test393.ergatesweb7.ovh\/wp-content\/uploads\/2021\/12\/sant-sebastia-viliella-845x684.jpg 845w\" sizes=\"(max-width: 495px) 100vw, 495px\" \/><span class='avia-gallery-caption'>Sant Sebasti\u00e0 de Viliella<\/span><\/span><\/a><\/div><div class='avia-gallery-thumb'><a href=\"https:\/\/test393.ergatesweb7.ovh\/wp-content\/uploads\/2021\/12\/sant-sebastia-viliella-1030x687.jpg\" data-srcset=\"https:\/\/test393.ergatesweb7.ovh\/wp-content\/uploads\/2021\/12\/sant-sebastia-viliella-1030x687.jpg 1030w, https:\/\/test393.ergatesweb7.ovh\/wp-content\/uploads\/2021\/12\/sant-sebastia-viliella-300x200.jpg 300w, https:\/\/test393.ergatesweb7.ovh\/wp-content\/uploads\/2021\/12\/sant-sebastia-viliella-768x513.jpg 768w, https:\/\/test393.ergatesweb7.ovh\/wp-content\/uploads\/2021\/12\/sant-sebastia-viliella-705x470.jpg 705w, https:\/\/test393.ergatesweb7.ovh\/wp-content\/uploads\/2021\/12\/sant-sebastia-viliella.jpg 1500w\" data-sizes=\"(max-width: 1030px) 100vw, 1030px\" data-rel='gallery-1' data-prev-img='https:\/\/test393.ergatesweb7.ovh\/wp-content\/uploads\/2021\/12\/sant-sebastia-viliella-495x400.jpg' class='first_thumb lightbox ' data-onclick='1' title='Sant Sebasti\u00e0 de Viliella'  itemprop=\"thumbnailUrl\"  ><img decoding=\"async\" fetchpriority=\"high\" class=\"wp-image-24379 avia-img-lazy-loading-not-24379\"  data-avia-tooltip='Sant Sebasti\u00e0 de Viliella' src=\"https:\/\/test393.ergatesweb7.ovh\/wp-content\/uploads\/2021\/12\/sant-sebastia-viliella-495x400.jpg\" width=\"495\" height=\"400\"  title='19. LLES- Sant Sebastia\u0300 de Viliella' alt='' srcset=\"https:\/\/test393.ergatesweb7.ovh\/wp-content\/uploads\/2021\/12\/sant-sebastia-viliella-495x400.jpg 495w, https:\/\/test393.ergatesweb7.ovh\/wp-content\/uploads\/2021\/12\/sant-sebastia-viliella-845x684.jpg 845w\" sizes=\"(max-width: 495px) 100vw, 495px\" \/><div class='big-prev-fake'><img decoding=\"async\" loading=\"lazy\" class=\"wp-image-24379 avia-img-lazy-loading-24379\"  width=\"495\" height=\"400\" src=\"https:\/\/test393.ergatesweb7.ovh\/wp-content\/uploads\/2021\/12\/sant-sebastia-viliella-495x400.jpg\" title='19. LLES- Sant Sebastia\u0300 de Viliella' alt='' srcset=\"https:\/\/test393.ergatesweb7.ovh\/wp-content\/uploads\/2021\/12\/sant-sebastia-viliella-495x400.jpg 495w, https:\/\/test393.ergatesweb7.ovh\/wp-content\/uploads\/2021\/12\/sant-sebastia-viliella-845x684.jpg 845w\" sizes=\"auto, (max-width: 495px) 100vw, 495px\" \/><\/div><\/a><a href=\"https:\/\/test393.ergatesweb7.ovh\/wp-content\/uploads\/2021\/12\/sant-sebastia-viliella-porta-1030x687.jpg\" data-srcset=\"https:\/\/test393.ergatesweb7.ovh\/wp-content\/uploads\/2021\/12\/sant-sebastia-viliella-porta-1030x687.jpg 1030w, https:\/\/test393.ergatesweb7.ovh\/wp-content\/uploads\/2021\/12\/sant-sebastia-viliella-porta-300x200.jpg 300w, https:\/\/test393.ergatesweb7.ovh\/wp-content\/uploads\/2021\/12\/sant-sebastia-viliella-porta-768x513.jpg 768w, https:\/\/test393.ergatesweb7.ovh\/wp-content\/uploads\/2021\/12\/sant-sebastia-viliella-porta-705x470.jpg 705w, https:\/\/test393.ergatesweb7.ovh\/wp-content\/uploads\/2021\/12\/sant-sebastia-viliella-porta.jpg 1500w\" data-sizes=\"(max-width: 1030px) 100vw, 1030px\" data-rel='gallery-1' data-prev-img='https:\/\/test393.ergatesweb7.ovh\/wp-content\/uploads\/2021\/12\/sant-sebastia-viliella-porta-495x400.jpg' class='lightbox ' data-onclick='2' title='Sant Sebasti\u00e0 de Viliella'  itemprop=\"thumbnailUrl\"  ><img decoding=\"async\" fetchpriority=\"high\" class=\"wp-image-24381 avia-img-lazy-loading-not-24381\"  data-avia-tooltip='Sant Sebasti\u00e0 de Viliella' src=\"https:\/\/test393.ergatesweb7.ovh\/wp-content\/uploads\/2021\/12\/sant-sebastia-viliella-porta-495x400.jpg\" width=\"495\" height=\"400\"  title='19. LLES- Sant Sebastia\u0300 de Viliella' alt='' srcset=\"https:\/\/test393.ergatesweb7.ovh\/wp-content\/uploads\/2021\/12\/sant-sebastia-viliella-porta-495x400.jpg 495w, https:\/\/test393.ergatesweb7.ovh\/wp-content\/uploads\/2021\/12\/sant-sebastia-viliella-porta-845x684.jpg 845w\" sizes=\"(max-width: 495px) 100vw, 495px\" \/><div class='big-prev-fake'><img decoding=\"async\" loading=\"lazy\" class=\"wp-image-24381 avia-img-lazy-loading-24381\"  width=\"495\" height=\"400\" src=\"https:\/\/test393.ergatesweb7.ovh\/wp-content\/uploads\/2021\/12\/sant-sebastia-viliella-porta-495x400.jpg\" title='19. LLES- Sant Sebastia\u0300 de Viliella' alt='' srcset=\"https:\/\/test393.ergatesweb7.ovh\/wp-content\/uploads\/2021\/12\/sant-sebastia-viliella-porta-495x400.jpg 495w, https:\/\/test393.ergatesweb7.ovh\/wp-content\/uploads\/2021\/12\/sant-sebastia-viliella-porta-845x684.jpg 845w\" sizes=\"auto, (max-width: 495px) 100vw, 495px\" \/><\/div><\/a><a href=\"https:\/\/test393.ergatesweb7.ovh\/wp-content\/uploads\/2021\/12\/sant-sebastia-viliella-pica-1030x687.jpg\" data-srcset=\"https:\/\/test393.ergatesweb7.ovh\/wp-content\/uploads\/2021\/12\/sant-sebastia-viliella-pica-1030x687.jpg 1030w, https:\/\/test393.ergatesweb7.ovh\/wp-content\/uploads\/2021\/12\/sant-sebastia-viliella-pica-300x200.jpg 300w, https:\/\/test393.ergatesweb7.ovh\/wp-content\/uploads\/2021\/12\/sant-sebastia-viliella-pica-768x513.jpg 768w, https:\/\/test393.ergatesweb7.ovh\/wp-content\/uploads\/2021\/12\/sant-sebastia-viliella-pica-705x470.jpg 705w, https:\/\/test393.ergatesweb7.ovh\/wp-content\/uploads\/2021\/12\/sant-sebastia-viliella-pica.jpg 1500w\" data-sizes=\"(max-width: 1030px) 100vw, 1030px\" data-rel='gallery-1' data-prev-img='https:\/\/test393.ergatesweb7.ovh\/wp-content\/uploads\/2021\/12\/sant-sebastia-viliella-pica-495x400.jpg' class='lightbox ' data-onclick='3' title='Sant Sebasti\u00e0 de Viliella'  itemprop=\"thumbnailUrl\"  ><img decoding=\"async\" fetchpriority=\"high\" class=\"wp-image-24383 avia-img-lazy-loading-not-24383\"  data-avia-tooltip='Sant Sebasti\u00e0 de Viliella' src=\"https:\/\/test393.ergatesweb7.ovh\/wp-content\/uploads\/2021\/12\/sant-sebastia-viliella-pica-495x400.jpg\" width=\"495\" height=\"400\"  title='19. LLES- Sant Sebastia\u0300 de Viliella' alt='' srcset=\"https:\/\/test393.ergatesweb7.ovh\/wp-content\/uploads\/2021\/12\/sant-sebastia-viliella-pica-495x400.jpg 495w, https:\/\/test393.ergatesweb7.ovh\/wp-content\/uploads\/2021\/12\/sant-sebastia-viliella-pica-845x684.jpg 845w\" sizes=\"(max-width: 495px) 100vw, 495px\" \/><div class='big-prev-fake'><img decoding=\"async\" loading=\"lazy\" class=\"wp-image-24383 avia-img-lazy-loading-24383\"  width=\"495\" height=\"400\" src=\"https:\/\/test393.ergatesweb7.ovh\/wp-content\/uploads\/2021\/12\/sant-sebastia-viliella-pica-495x400.jpg\" title='19. LLES- Sant Sebastia\u0300 de Viliella' alt='' srcset=\"https:\/\/test393.ergatesweb7.ovh\/wp-content\/uploads\/2021\/12\/sant-sebastia-viliella-pica-495x400.jpg 495w, https:\/\/test393.ergatesweb7.ovh\/wp-content\/uploads\/2021\/12\/sant-sebastia-viliella-pica-845x684.jpg 845w\" sizes=\"auto, (max-width: 495px) 100vw, 495px\" \/><\/div><\/a><a href=\"https:\/\/test393.ergatesweb7.ovh\/wp-content\/uploads\/2021\/12\/sant-sebastia-viliella-absis-1030x687.jpg\" data-srcset=\"https:\/\/test393.ergatesweb7.ovh\/wp-content\/uploads\/2021\/12\/sant-sebastia-viliella-absis-1030x687.jpg 1030w, https:\/\/test393.ergatesweb7.ovh\/wp-content\/uploads\/2021\/12\/sant-sebastia-viliella-absis-300x200.jpg 300w, https:\/\/test393.ergatesweb7.ovh\/wp-content\/uploads\/2021\/12\/sant-sebastia-viliella-absis-768x513.jpg 768w, https:\/\/test393.ergatesweb7.ovh\/wp-content\/uploads\/2021\/12\/sant-sebastia-viliella-absis-705x470.jpg 705w, https:\/\/test393.ergatesweb7.ovh\/wp-content\/uploads\/2021\/12\/sant-sebastia-viliella-absis.jpg 1500w\" data-sizes=\"(max-width: 1030px) 100vw, 1030px\" data-rel='gallery-1' data-prev-img='https:\/\/test393.ergatesweb7.ovh\/wp-content\/uploads\/2021\/12\/sant-sebastia-viliella-absis-495x400.jpg' class='lightbox ' data-onclick='4' title='Sant Sebasti\u00e0 de Viliella'  itemprop=\"thumbnailUrl\"  ><img decoding=\"async\" fetchpriority=\"high\" class=\"wp-image-24385 avia-img-lazy-loading-not-24385\"  data-avia-tooltip='Sant Sebasti\u00e0 de Viliella' src=\"https:\/\/test393.ergatesweb7.ovh\/wp-content\/uploads\/2021\/12\/sant-sebastia-viliella-absis-495x400.jpg\" width=\"495\" height=\"400\"  title='19. LLES- Sant Sebastia\u0300 de Viliella' alt='' srcset=\"https:\/\/test393.ergatesweb7.ovh\/wp-content\/uploads\/2021\/12\/sant-sebastia-viliella-absis-495x400.jpg 495w, https:\/\/test393.ergatesweb7.ovh\/wp-content\/uploads\/2021\/12\/sant-sebastia-viliella-absis-845x684.jpg 845w\" sizes=\"(max-width: 495px) 100vw, 495px\" \/><div class='big-prev-fake'><img decoding=\"async\" loading=\"lazy\" class=\"wp-image-24385 avia-img-lazy-loading-24385\"  width=\"495\" height=\"400\" src=\"https:\/\/test393.ergatesweb7.ovh\/wp-content\/uploads\/2021\/12\/sant-sebastia-viliella-absis-495x400.jpg\" title='19. LLES- Sant Sebastia\u0300 de Viliella' alt='' srcset=\"https:\/\/test393.ergatesweb7.ovh\/wp-content\/uploads\/2021\/12\/sant-sebastia-viliella-absis-495x400.jpg 495w, https:\/\/test393.ergatesweb7.ovh\/wp-content\/uploads\/2021\/12\/sant-sebastia-viliella-absis-845x684.jpg 845w\" sizes=\"auto, (max-width: 495px) 100vw, 495px\" \/><\/div><\/a><a href=\"https:\/\/test393.ergatesweb7.ovh\/wp-content\/uploads\/2021\/12\/sant-sebastia-viliella-fresc-1030x687.jpg\" data-srcset=\"https:\/\/test393.ergatesweb7.ovh\/wp-content\/uploads\/2021\/12\/sant-sebastia-viliella-fresc-1030x687.jpg 1030w, https:\/\/test393.ergatesweb7.ovh\/wp-content\/uploads\/2021\/12\/sant-sebastia-viliella-fresc-300x200.jpg 300w, https:\/\/test393.ergatesweb7.ovh\/wp-content\/uploads\/2021\/12\/sant-sebastia-viliella-fresc-768x513.jpg 768w, https:\/\/test393.ergatesweb7.ovh\/wp-content\/uploads\/2021\/12\/sant-sebastia-viliella-fresc-705x470.jpg 705w, https:\/\/test393.ergatesweb7.ovh\/wp-content\/uploads\/2021\/12\/sant-sebastia-viliella-fresc.jpg 1500w\" data-sizes=\"(max-width: 1030px) 100vw, 1030px\" data-rel='gallery-1' data-prev-img='https:\/\/test393.ergatesweb7.ovh\/wp-content\/uploads\/2021\/12\/sant-sebastia-viliella-fresc-495x400.jpg' class='lightbox ' data-onclick='5' title='Coordenades UTM: 31T 392724 4696758'  itemprop=\"thumbnailUrl\"  ><img decoding=\"async\" fetchpriority=\"high\" class=\"wp-image-24387 avia-img-lazy-loading-not-24387\"  data-avia-tooltip='Coordenades UTM: 31T 392724 4696758' src=\"https:\/\/test393.ergatesweb7.ovh\/wp-content\/uploads\/2021\/12\/sant-sebastia-viliella-fresc-495x400.jpg\" width=\"495\" height=\"400\"  title='19. LLES- Sant Sebastia\u0300 de Viliella' alt='' srcset=\"https:\/\/test393.ergatesweb7.ovh\/wp-content\/uploads\/2021\/12\/sant-sebastia-viliella-fresc-495x400.jpg 495w, https:\/\/test393.ergatesweb7.ovh\/wp-content\/uploads\/2021\/12\/sant-sebastia-viliella-fresc-845x684.jpg 845w\" sizes=\"(max-width: 495px) 100vw, 495px\" \/><div class='big-prev-fake'><img decoding=\"async\" loading=\"lazy\" class=\"wp-image-24387 avia-img-lazy-loading-24387\"  width=\"495\" height=\"400\" src=\"https:\/\/test393.ergatesweb7.ovh\/wp-content\/uploads\/2021\/12\/sant-sebastia-viliella-fresc-495x400.jpg\" title='19. LLES- Sant Sebastia\u0300 de Viliella' alt='' srcset=\"https:\/\/test393.ergatesweb7.ovh\/wp-content\/uploads\/2021\/12\/sant-sebastia-viliella-fresc-495x400.jpg 495w, https:\/\/test393.ergatesweb7.ovh\/wp-content\/uploads\/2021\/12\/sant-sebastia-viliella-fresc-845x684.jpg 845w\" sizes=\"auto, (max-width: 495px) 100vw, 495px\" \/><\/div><\/a><a href=\"https:\/\/test393.ergatesweb7.ovh\/wp-content\/uploads\/2021\/12\/sant-sebastia-viliella-absis-fresc-1030x687.jpg\" data-srcset=\"https:\/\/test393.ergatesweb7.ovh\/wp-content\/uploads\/2021\/12\/sant-sebastia-viliella-absis-fresc-1030x687.jpg 1030w, https:\/\/test393.ergatesweb7.ovh\/wp-content\/uploads\/2021\/12\/sant-sebastia-viliella-absis-fresc-300x200.jpg 300w, https:\/\/test393.ergatesweb7.ovh\/wp-content\/uploads\/2021\/12\/sant-sebastia-viliella-absis-fresc-768x513.jpg 768w, https:\/\/test393.ergatesweb7.ovh\/wp-content\/uploads\/2021\/12\/sant-sebastia-viliella-absis-fresc-705x470.jpg 705w, https:\/\/test393.ergatesweb7.ovh\/wp-content\/uploads\/2021\/12\/sant-sebastia-viliella-absis-fresc.jpg 1500w\" data-sizes=\"(max-width: 1030px) 100vw, 1030px\" data-rel='gallery-1' data-prev-img='https:\/\/test393.ergatesweb7.ovh\/wp-content\/uploads\/2021\/12\/sant-sebastia-viliella-absis-fresc-495x400.jpg' class='first_thumb lightbox ' data-onclick='6' title='Coordenades UTM: 31T 392724 4696758'  itemprop=\"thumbnailUrl\"  ><img decoding=\"async\" fetchpriority=\"high\" class=\"wp-image-24389 avia-img-lazy-loading-not-24389\"  data-avia-tooltip='Coordenades UTM: 31T 392724 4696758' src=\"https:\/\/test393.ergatesweb7.ovh\/wp-content\/uploads\/2021\/12\/sant-sebastia-viliella-absis-fresc-495x400.jpg\" width=\"495\" height=\"400\"  title='19. LLES- Sant Sebastia\u0300 de Viliella' alt='' srcset=\"https:\/\/test393.ergatesweb7.ovh\/wp-content\/uploads\/2021\/12\/sant-sebastia-viliella-absis-fresc-495x400.jpg 495w, https:\/\/test393.ergatesweb7.ovh\/wp-content\/uploads\/2021\/12\/sant-sebastia-viliella-absis-fresc-845x684.jpg 845w\" sizes=\"(max-width: 495px) 100vw, 495px\" \/><div class='big-prev-fake'><img decoding=\"async\" loading=\"lazy\" class=\"wp-image-24389 avia-img-lazy-loading-24389\"  width=\"495\" height=\"400\" src=\"https:\/\/test393.ergatesweb7.ovh\/wp-content\/uploads\/2021\/12\/sant-sebastia-viliella-absis-fresc-495x400.jpg\" title='19. LLES- Sant Sebastia\u0300 de Viliella' alt='' srcset=\"https:\/\/test393.ergatesweb7.ovh\/wp-content\/uploads\/2021\/12\/sant-sebastia-viliella-absis-fresc-495x400.jpg 495w, https:\/\/test393.ergatesweb7.ovh\/wp-content\/uploads\/2021\/12\/sant-sebastia-viliella-absis-fresc-845x684.jpg 845w\" sizes=\"auto, (max-width: 495px) 100vw, 495px\" \/><\/div><\/a><a href=\"https:\/\/test393.ergatesweb7.ovh\/wp-content\/uploads\/2021\/12\/sant-sebastia-viliella-pica-2-1030x687.jpg\" data-srcset=\"https:\/\/test393.ergatesweb7.ovh\/wp-content\/uploads\/2021\/12\/sant-sebastia-viliella-pica-2-1030x687.jpg 1030w, https:\/\/test393.ergatesweb7.ovh\/wp-content\/uploads\/2021\/12\/sant-sebastia-viliella-pica-2-300x200.jpg 300w, https:\/\/test393.ergatesweb7.ovh\/wp-content\/uploads\/2021\/12\/sant-sebastia-viliella-pica-2-768x513.jpg 768w, https:\/\/test393.ergatesweb7.ovh\/wp-content\/uploads\/2021\/12\/sant-sebastia-viliella-pica-2-705x470.jpg 705w, https:\/\/test393.ergatesweb7.ovh\/wp-content\/uploads\/2021\/12\/sant-sebastia-viliella-pica-2.jpg 1500w\" data-sizes=\"(max-width: 1030px) 100vw, 1030px\" data-rel='gallery-1' data-prev-img='https:\/\/test393.ergatesweb7.ovh\/wp-content\/uploads\/2021\/12\/sant-sebastia-viliella-pica-2-495x400.jpg' class='lightbox ' data-onclick='7' title='Sant Sebasti\u00e0 de Viliella'  itemprop=\"thumbnailUrl\"  ><img decoding=\"async\" fetchpriority=\"high\" class=\"wp-image-24391 avia-img-lazy-loading-not-24391\"  data-avia-tooltip='Sant Sebasti\u00e0 de Viliella' src=\"https:\/\/test393.ergatesweb7.ovh\/wp-content\/uploads\/2021\/12\/sant-sebastia-viliella-pica-2-495x400.jpg\" width=\"495\" height=\"400\"  title='19. LLES- Sant Sebastia\u0300 de Viliella' alt='' srcset=\"https:\/\/test393.ergatesweb7.ovh\/wp-content\/uploads\/2021\/12\/sant-sebastia-viliella-pica-2-495x400.jpg 495w, https:\/\/test393.ergatesweb7.ovh\/wp-content\/uploads\/2021\/12\/sant-sebastia-viliella-pica-2-845x684.jpg 845w\" sizes=\"(max-width: 495px) 100vw, 495px\" \/><div class='big-prev-fake'><img decoding=\"async\" loading=\"lazy\" class=\"wp-image-24391 avia-img-lazy-loading-24391\"  width=\"495\" height=\"400\" src=\"https:\/\/test393.ergatesweb7.ovh\/wp-content\/uploads\/2021\/12\/sant-sebastia-viliella-pica-2-495x400.jpg\" title='19. LLES- Sant Sebastia\u0300 de Viliella' alt='' srcset=\"https:\/\/test393.ergatesweb7.ovh\/wp-content\/uploads\/2021\/12\/sant-sebastia-viliella-pica-2-495x400.jpg 495w, https:\/\/test393.ergatesweb7.ovh\/wp-content\/uploads\/2021\/12\/sant-sebastia-viliella-pica-2-845x684.jpg 845w\" sizes=\"auto, (max-width: 495px) 100vw, 495px\" \/><\/div><\/a><a href=\"https:\/\/test393.ergatesweb7.ovh\/wp-content\/uploads\/2021\/12\/sant-sebastia-viliella-darrera-1030x687.jpg\" data-srcset=\"https:\/\/test393.ergatesweb7.ovh\/wp-content\/uploads\/2021\/12\/sant-sebastia-viliella-darrera-1030x687.jpg 1030w, https:\/\/test393.ergatesweb7.ovh\/wp-content\/uploads\/2021\/12\/sant-sebastia-viliella-darrera-300x200.jpg 300w, https:\/\/test393.ergatesweb7.ovh\/wp-content\/uploads\/2021\/12\/sant-sebastia-viliella-darrera-768x513.jpg 768w, https:\/\/test393.ergatesweb7.ovh\/wp-content\/uploads\/2021\/12\/sant-sebastia-viliella-darrera-705x470.jpg 705w, https:\/\/test393.ergatesweb7.ovh\/wp-content\/uploads\/2021\/12\/sant-sebastia-viliella-darrera.jpg 1500w\" data-sizes=\"(max-width: 1030px) 100vw, 1030px\" data-rel='gallery-1' data-prev-img='https:\/\/test393.ergatesweb7.ovh\/wp-content\/uploads\/2021\/12\/sant-sebastia-viliella-darrera-495x400.jpg' class='lightbox ' data-onclick='8' title='Sant Sebasti\u00e0 de Viliella'  itemprop=\"thumbnailUrl\"  ><img decoding=\"async\" fetchpriority=\"high\" class=\"wp-image-24393 avia-img-lazy-loading-not-24393\"  data-avia-tooltip='Sant Sebasti\u00e0 de Viliella' src=\"https:\/\/test393.ergatesweb7.ovh\/wp-content\/uploads\/2021\/12\/sant-sebastia-viliella-darrera-495x400.jpg\" width=\"495\" height=\"400\"  title='19. LLES- Sant Sebastia\u0300 de Viliella' alt='' srcset=\"https:\/\/test393.ergatesweb7.ovh\/wp-content\/uploads\/2021\/12\/sant-sebastia-viliella-darrera-495x400.jpg 495w, https:\/\/test393.ergatesweb7.ovh\/wp-content\/uploads\/2021\/12\/sant-sebastia-viliella-darrera-845x684.jpg 845w\" sizes=\"(max-width: 495px) 100vw, 495px\" \/><div class='big-prev-fake'><img decoding=\"async\" loading=\"lazy\" class=\"wp-image-24393 avia-img-lazy-loading-24393\"  width=\"495\" height=\"400\" src=\"https:\/\/test393.ergatesweb7.ovh\/wp-content\/uploads\/2021\/12\/sant-sebastia-viliella-darrera-495x400.jpg\" title='19. LLES- Sant Sebastia\u0300 de Viliella' alt='' srcset=\"https:\/\/test393.ergatesweb7.ovh\/wp-content\/uploads\/2021\/12\/sant-sebastia-viliella-darrera-495x400.jpg 495w, https:\/\/test393.ergatesweb7.ovh\/wp-content\/uploads\/2021\/12\/sant-sebastia-viliella-darrera-845x684.jpg 845w\" sizes=\"auto, (max-width: 495px) 100vw, 495px\" \/><\/div><\/a><a href=\"https:\/\/test393.ergatesweb7.ovh\/wp-content\/uploads\/2021\/12\/sant-sebastia-viliella-aigua-1030x687.jpg\" data-srcset=\"https:\/\/test393.ergatesweb7.ovh\/wp-content\/uploads\/2021\/12\/sant-sebastia-viliella-aigua-1030x687.jpg 1030w, https:\/\/test393.ergatesweb7.ovh\/wp-content\/uploads\/2021\/12\/sant-sebastia-viliella-aigua-300x200.jpg 300w, https:\/\/test393.ergatesweb7.ovh\/wp-content\/uploads\/2021\/12\/sant-sebastia-viliella-aigua-768x513.jpg 768w, https:\/\/test393.ergatesweb7.ovh\/wp-content\/uploads\/2021\/12\/sant-sebastia-viliella-aigua-705x470.jpg 705w, https:\/\/test393.ergatesweb7.ovh\/wp-content\/uploads\/2021\/12\/sant-sebastia-viliella-aigua.jpg 1500w\" data-sizes=\"(max-width: 1030px) 100vw, 1030px\" data-rel='gallery-1' data-prev-img='https:\/\/test393.ergatesweb7.ovh\/wp-content\/uploads\/2021\/12\/sant-sebastia-viliella-aigua-495x400.jpg' class='lightbox ' data-onclick='9' title='Coordenades UTM: 31T 392724 4696758'  itemprop=\"thumbnailUrl\"  ><img decoding=\"async\" fetchpriority=\"high\" class=\"wp-image-24395 avia-img-lazy-loading-not-24395\"  data-avia-tooltip='Coordenades UTM: 31T 392724 4696758' src=\"https:\/\/test393.ergatesweb7.ovh\/wp-content\/uploads\/2021\/12\/sant-sebastia-viliella-aigua-495x400.jpg\" width=\"495\" height=\"400\"  title='19. LLES- Sant Sebastia\u0300 de Viliella' alt='' srcset=\"https:\/\/test393.ergatesweb7.ovh\/wp-content\/uploads\/2021\/12\/sant-sebastia-viliella-aigua-495x400.jpg 495w, https:\/\/test393.ergatesweb7.ovh\/wp-content\/uploads\/2021\/12\/sant-sebastia-viliella-aigua-845x684.jpg 845w\" sizes=\"(max-width: 495px) 100vw, 495px\" \/><div class='big-prev-fake'><img decoding=\"async\" loading=\"lazy\" class=\"wp-image-24395 avia-img-lazy-loading-24395\"  width=\"495\" height=\"400\" src=\"https:\/\/test393.ergatesweb7.ovh\/wp-content\/uploads\/2021\/12\/sant-sebastia-viliella-aigua-495x400.jpg\" title='19. LLES- Sant Sebastia\u0300 de Viliella' alt='' srcset=\"https:\/\/test393.ergatesweb7.ovh\/wp-content\/uploads\/2021\/12\/sant-sebastia-viliella-aigua-495x400.jpg 495w, https:\/\/test393.ergatesweb7.ovh\/wp-content\/uploads\/2021\/12\/sant-sebastia-viliella-aigua-845x684.jpg 845w\" sizes=\"auto, (max-width: 495px) 100vw, 495px\" \/><\/div><\/a><a href=\"https:\/\/test393.ergatesweb7.ovh\/wp-content\/uploads\/2021\/12\/sant-sebastia-viliella-talla-1030x687.jpg\" data-srcset=\"https:\/\/test393.ergatesweb7.ovh\/wp-content\/uploads\/2021\/12\/sant-sebastia-viliella-talla-1030x687.jpg 1030w, https:\/\/test393.ergatesweb7.ovh\/wp-content\/uploads\/2021\/12\/sant-sebastia-viliella-talla-300x200.jpg 300w, https:\/\/test393.ergatesweb7.ovh\/wp-content\/uploads\/2021\/12\/sant-sebastia-viliella-talla-768x513.jpg 768w, https:\/\/test393.ergatesweb7.ovh\/wp-content\/uploads\/2021\/12\/sant-sebastia-viliella-talla-705x470.jpg 705w, https:\/\/test393.ergatesweb7.ovh\/wp-content\/uploads\/2021\/12\/sant-sebastia-viliella-talla.jpg 1500w\" data-sizes=\"(max-width: 1030px) 100vw, 1030px\" data-rel='gallery-1' data-prev-img='https:\/\/test393.ergatesweb7.ovh\/wp-content\/uploads\/2021\/12\/sant-sebastia-viliella-talla-495x400.jpg' class='lightbox ' data-onclick='10' title='Sant Sebasti\u00e0 de Viliella'  itemprop=\"thumbnailUrl\"  ><img decoding=\"async\" fetchpriority=\"high\" class=\"wp-image-24397 avia-img-lazy-loading-not-24397\"  data-avia-tooltip='Sant Sebasti\u00e0 de Viliella' src=\"https:\/\/test393.ergatesweb7.ovh\/wp-content\/uploads\/2021\/12\/sant-sebastia-viliella-talla-495x400.jpg\" width=\"495\" height=\"400\"  title='19. LLES- Sant Sebastia\u0300 de Viliella' alt='' srcset=\"https:\/\/test393.ergatesweb7.ovh\/wp-content\/uploads\/2021\/12\/sant-sebastia-viliella-talla-495x400.jpg 495w, https:\/\/test393.ergatesweb7.ovh\/wp-content\/uploads\/2021\/12\/sant-sebastia-viliella-talla-845x684.jpg 845w\" sizes=\"(max-width: 495px) 100vw, 495px\" \/><div class='big-prev-fake'><img decoding=\"async\" loading=\"lazy\" class=\"wp-image-24397 avia-img-lazy-loading-24397\"  width=\"495\" height=\"400\" src=\"https:\/\/test393.ergatesweb7.ovh\/wp-content\/uploads\/2021\/12\/sant-sebastia-viliella-talla-495x400.jpg\" title='19. LLES- Sant Sebastia\u0300 de Viliella' alt='' srcset=\"https:\/\/test393.ergatesweb7.ovh\/wp-content\/uploads\/2021\/12\/sant-sebastia-viliella-talla-495x400.jpg 495w, https:\/\/test393.ergatesweb7.ovh\/wp-content\/uploads\/2021\/12\/sant-sebastia-viliella-talla-845x684.jpg 845w\" sizes=\"auto, (max-width: 495px) 100vw, 495px\" \/><\/div><\/a><\/div><\/div><\/div><\/p>\n","protected":false},"excerpt":{"rendered":"","protected":false},"author":3,"featured_media":23340,"parent":30631,"menu_order":70,"comment_status":"closed","ping_status":"closed","template":"","meta":{"footnotes":""},"class_list":["post-30503","page","type-page","status-publish","has-post-thumbnail","hentry"],"_links":{"self":[{"href":"https:\/\/test393.ergatesweb7.ovh\/fr\/wp-json\/wp\/v2\/pages\/30503","targetHints":{"allow":["GET"]}}],"collection":[{"href":"https:\/\/test393.ergatesweb7.ovh\/fr\/wp-json\/wp\/v2\/pages"}],"about":[{"href":"https:\/\/test393.ergatesweb7.ovh\/fr\/wp-json\/wp\/v2\/types\/page"}],"author":[{"embeddable":true,"href":"https:\/\/test393.ergatesweb7.ovh\/fr\/wp-json\/wp\/v2\/users\/3"}],"replies":[{"embeddable":true,"href":"https:\/\/test393.ergatesweb7.ovh\/fr\/wp-json\/wp\/v2\/comments?post=30503"}],"version-history":[{"count":7,"href":"https:\/\/test393.ergatesweb7.ovh\/fr\/wp-json\/wp\/v2\/pages\/30503\/revisions"}],"predecessor-version":[{"id":35098,"href":"https:\/\/test393.ergatesweb7.ovh\/fr\/wp-json\/wp\/v2\/pages\/30503\/revisions\/35098"}],"up":[{"embeddable":true,"href":"https:\/\/test393.ergatesweb7.ovh\/fr\/wp-json\/wp\/v2\/pages\/30631"}],"wp:featuredmedia":[{"embeddable":true,"href":"https:\/\/test393.ergatesweb7.ovh\/fr\/wp-json\/wp\/v2\/media\/23340"}],"wp:attachment":[{"href":"https:\/\/test393.ergatesweb7.ovh\/fr\/wp-json\/wp\/v2\/media?parent=30503"}],"curies":[{"name":"wp","href":"https:\/\/api.w.org\/{rel}","templated":true}]}}